{"id":1261,"date":"2019-10-05T11:08:23","date_gmt":"2019-10-05T09:08:23","guid":{"rendered":"https:\/\/subamacon.com\/?page_id=1261"},"modified":"2022-01-30T17:45:49","modified_gmt":"2022-01-30T16:45:49","slug":"audiovisuel","status":"publish","type":"page","link":"https:\/\/subamacon.com\/index.php\/audiovisuel\/","title":{"rendered":"Audiovisuel"},"content":{"rendered":"\n[et_pb_section][et_pb_row][et_pb_column type=\u00a0\u00bb4_4&Prime;][et_pb_text]<h2>Challenge de nage<\/h2>\n<iframe loading=\"lazy\" title=\"CSM   challenge de nage 2019\" width=\"1080\" height=\"608\" src=\"https:\/\/www.youtube.com\/embed\/lBnCR9tTFJ8?feature=oembed\"  allow=\"accelerometer; autoplay; clipboard-write; encrypted-media; gyroscope; picture-in-picture\" allowfullscreen><\/iframe>\n<h2>Stage photo \/ vid\u00e9o Ile d&rsquo;Elbe<\/h2>\n<iframe loading=\"lazy\" title=\"Diving in Elba\" width=\"1080\" height=\"608\" src=\"https:\/\/www.youtube.com\/embed\/2R-k8sW8Sz4?start=35&#038;feature=oembed\"  allow=\"accelerometer; autoplay; clipboard-write; encrypted-media; gyroscope; picture-in-picture\" allowfullscreen><\/iframe>\n<h2>Promenade \u00e0 Bali<\/h2>\n<iframe loading=\"lazy\" title=\"Bali\" width=\"1080\" height=\"608\" src=\"https:\/\/www.youtube.com\/embed\/ofHeGWpkCK8?feature=oembed\"  allow=\"accelerometer; autoplay; clipboard-write; encrypted-media; gyroscope; picture-in-picture\" allowfullscreen><\/iframe>\n\n<article id=\"post-1954\">\n\t\t\t\t\t\t\t\t\t\t\t<a href=\"https:\/\/subamacon.com\/index.php\/2019\/12\/10\/audiovisuel-saison-2020\/\" title=\"Audiovisuel \u2013 saison 2020\">\n<img loading=\"lazy\" decoding=\"async\" width=\"300\" height=\"200\" src=\"https:\/\/subamacon.com\/wp-content\/uploads\/2019\/11\/Vallee-5-300x200.jpg\" alt=\"Audiovisuel \u2013 saison 2020\" itemprop=\"image\" srcset=\"https:\/\/subamacon.com\/wp-content\/uploads\/2019\/11\/Vallee-5-300x200.jpg 300w, https:\/\/subamacon.com\/wp-content\/uploads\/2019\/11\/Vallee-5-768x512.jpg 768w, https:\/\/subamacon.com\/wp-content\/uploads\/2019\/11\/Vallee-5-1030x687.jpg 1030w, https:\/\/subamacon.com\/wp-content\/uploads\/2019\/11\/Vallee-5.jpg 1200w\" sizes=\"(max-width: 300px) 100vw, 300px\">\nEn savoir plus\n<\/a>\n<a href=\"https:\/\/subamacon.com\/index.php\/author\/admin3045\/\" title=\"Visitez la page de l\u2019auteur\" rel=\"author\">\n<img loading=\"lazy\" decoding=\"async\" alt=\"\" src=\"https:\/\/secure.gravatar.com\/avatar\/a5685f6b984ef095ee8a0aa1441ab316?s=100&amp;d=mm&amp;r=g\" srcset=\"https:\/\/secure.gravatar.com\/avatar\/a5685f6b984ef095ee8a0aa1441ab316?s=200&amp;d=mm&amp;r=g 2x\" class=\"avatar avatar-100 photo\" height=\"100\" width=\"100\">\t\t\t\t\t\t\t\t\t\t\t\t<\/a>\n<!-- .oew-grid-media -->\n<h2>\n\t\t\t\t\t\t\t\t\t\t\t\t\t<a href=\"https:\/\/subamacon.com\/index.php\/2019\/12\/10\/audiovisuel-saison-2020\/\" title=\"Audiovisuel \u2013 saison 2020\">Audiovisuel &#8211; saison 2020<\/a><\/h2>\nPhoto &amp; vid\u00e9o sub La commission photo vid\u00e9o est ouverte \u00e0 tous les plongeurs stabilis\u00e9s\u2026\n<!-- .oew-grid-details -->\n<ul>\n \t<li><a href=\"https:\/\/subamacon.com\/index.php\/category\/photo-video\/\" rel=\"category tag\">Commission audiovisuelle<\/a><\/li>\n<\/ul>\n<\/article>\n<article id=\"post-1930\">\n\t\t\t\t\t\t\t\t\t\t\t<a href=\"https:\/\/subamacon.com\/index.php\/2019\/12\/08\/challenge-de-nage-septembre-2019\/\" title=\"Challenge de nage, septembre 2019\">\n<img loading=\"lazy\" decoding=\"async\" width=\"272\" height=\"300\" src=\"https:\/\/subamacon.com\/wp-content\/uploads\/2019\/12\/affiche-finale-272x300.jpg\" alt=\"Challenge de nage, septembre 2019\" itemprop=\"image\" srcset=\"https:\/\/subamacon.com\/wp-content\/uploads\/2019\/12\/affiche-finale-272x300.jpg 272w, https:\/\/subamacon.com\/wp-content\/uploads\/2019\/12\/affiche-finale-933x1030.jpg 933w, https:\/\/subamacon.com\/wp-content\/uploads\/2019\/12\/affiche-finale-768x848.jpg 768w, https:\/\/subamacon.com\/wp-content\/uploads\/2019\/12\/affiche-finale-1391x1536.jpg 1391w, https:\/\/subamacon.com\/wp-content\/uploads\/2019\/12\/affiche-finale-1854x2048.jpg 1854w\" sizes=\"(max-width: 272px) 100vw, 272px\">\nEn savoir plus\n<\/a>\n<a href=\"https:\/\/subamacon.com\/index.php\/author\/admin3045\/\" title=\"Visitez la page de l\u2019auteur\" rel=\"author\">\n<img loading=\"lazy\" decoding=\"async\" alt=\"\" src=\"https:\/\/secure.gravatar.com\/avatar\/a5685f6b984ef095ee8a0aa1441ab316?s=100&amp;d=mm&amp;r=g\" srcset=\"https:\/\/secure.gravatar.com\/avatar\/a5685f6b984ef095ee8a0aa1441ab316?s=200&amp;d=mm&amp;r=g 2x\" class=\"avatar avatar-100 photo\" height=\"100\" width=\"100\">\t\t\t\t\t\t\t\t\t\t\t\t<\/a>\n<!-- .oew-grid-media -->\n<h2>\n\t\t\t\t\t\t\t\t\t\t\t\t\t<a href=\"https:\/\/subamacon.com\/index.php\/2019\/12\/08\/challenge-de-nage-septembre-2019\/\" title=\"Challenge de nage, septembre 2019\">Challenge de nage, septembre 2019<\/a><\/h2>\nRetour en images sur le challenge de nage organis\u00e9 par le CSM le samedi 14\u2026\n<!-- .oew-grid-details -->\n<ul>\n \t<li><a href=\"https:\/\/subamacon.com\/index.php\/2019\/12\/08\/challenge-de-nage-septembre-2019\/#respond\">0 commentaire<\/a><\/li>\n \t<li><a href=\"https:\/\/subamacon.com\/index.php\/category\/photo-video\/\" rel=\"category tag\">Commission audiovisuelle<\/a><\/li>\n<\/ul>\n<\/article>\n<article id=\"post-1625\">\n\t\t\t\t\t\t\t\t\t\t\t<a href=\"https:\/\/subamacon.com\/index.php\/2019\/11\/03\/ete-2019-bapteme-photo-en-piscine\/\" title=\"Et\u00e9 2019 : Bapt\u00eame Photo en piscine\">\n<img loading=\"lazy\" decoding=\"async\" width=\"300\" height=\"225\" src=\"https:\/\/subamacon.com\/wp-content\/uploads\/2019\/11\/P8210024-300x225.jpg\" alt=\"Et\u00e9 2019 : Bapt\u00eame Photo en piscine\" itemprop=\"image\" srcset=\"https:\/\/subamacon.com\/wp-content\/uploads\/2019\/11\/P8210024-300x225.jpg 300w, https:\/\/subamacon.com\/wp-content\/uploads\/2019\/11\/P8210024-768x576.jpg 768w, https:\/\/subamacon.com\/wp-content\/uploads\/2019\/11\/P8210024-1030x773.jpg 1030w, https:\/\/subamacon.com\/wp-content\/uploads\/2019\/11\/P8210024.jpg 1200w\" sizes=\"(max-width: 300px) 100vw, 300px\">\nEn savoir plus\n<\/a>\n<a href=\"https:\/\/subamacon.com\/index.php\/author\/com7101\/\" title=\"Visitez la page de l\u2019auteur\" rel=\"author\">\n<img loading=\"lazy\" decoding=\"async\" alt=\"\" src=\"https:\/\/secure.gravatar.com\/avatar\/25849fa29581f8207a944ac8b9d09616?s=100&amp;d=mm&amp;r=g\" srcset=\"https:\/\/secure.gravatar.com\/avatar\/25849fa29581f8207a944ac8b9d09616?s=200&amp;d=mm&amp;r=g 2x\" class=\"avatar avatar-100 photo\" height=\"100\" width=\"100\">\t\t\t\t\t\t\t\t\t\t\t\t<\/a>\n<!-- .oew-grid-media -->\n<h2>\n\t\t\t\t\t\t\t\t\t\t\t\t\t<a href=\"https:\/\/subamacon.com\/index.php\/2019\/11\/03\/ete-2019-bapteme-photo-en-piscine\/\" title=\"Et\u00e9 2019 : Bapt\u00eame Photo en piscine\">Et\u00e9 2019 : Bapt\u00eame Photo en piscine<\/a><\/h2>\nS\u00e9rie de photos r\u00e9alis\u00e9es lors des Bapt\u00eame Photo en piscine cet \u00e9t\u00e9 2019\n<!-- .oew-grid-details -->\n<ul>\n \t<li><a href=\"https:\/\/subamacon.com\/index.php\/category\/photo-video\/\" rel=\"category tag\">Commission audiovisuelle<\/a><\/li>\n<\/ul>\n<\/article>\n<article id=\"post-1172\">\n\t\t\t\t\t\t\t\t\t\t\t<a href=\"https:\/\/subamacon.com\/index.php\/2019\/09\/01\/avant-premiere-calendrier-2020\/\" title=\"Avant premi\u00e8re calendrier 2020\">\n<img loading=\"lazy\" decoding=\"async\" width=\"300\" height=\"126\" src=\"https:\/\/subamacon.com\/wp-content\/uploads\/2019\/09\/janvier800-300x126.jpg\" alt=\"Avant premi\u00e8re calendrier 2020\" itemprop=\"image\" srcset=\"https:\/\/subamacon.com\/wp-content\/uploads\/2019\/09\/janvier800-300x126.jpg 300w, https:\/\/subamacon.com\/wp-content\/uploads\/2019\/09\/janvier800-768x323.jpg 768w, https:\/\/subamacon.com\/wp-content\/uploads\/2019\/09\/janvier800.jpg 800w\" sizes=\"(max-width: 300px) 100vw, 300px\">\nEn savoir plus\n<\/a>\n<a href=\"https:\/\/subamacon.com\/index.php\/author\/admin3045\/\" title=\"Visitez la page de l\u2019auteur\" rel=\"author\">\n<img loading=\"lazy\" decoding=\"async\" alt=\"\" src=\"https:\/\/secure.gravatar.com\/avatar\/a5685f6b984ef095ee8a0aa1441ab316?s=100&amp;d=mm&amp;r=g\" srcset=\"https:\/\/secure.gravatar.com\/avatar\/a5685f6b984ef095ee8a0aa1441ab316?s=200&amp;d=mm&amp;r=g 2x\" class=\"avatar avatar-100 photo\" height=\"100\" width=\"100\">\t\t\t\t\t\t\t\t\t\t\t\t<\/a>\n<!-- .oew-grid-media -->\n<h2>\n\t\t\t\t\t\t\t\t\t\t\t\t\t<a href=\"https:\/\/subamacon.com\/index.php\/2019\/09\/01\/avant-premiere-calendrier-2020\/\" title=\"Avant premi\u00e8re calendrier 2020\">Avant premi\u00e8re calendrier 2020<\/a><\/h2>\n&nbsp;En avant premi\u00e8re, les premi\u00e8res photos s\u00e9lectionn\u00e9es pour le calendrier 2020 Pour rappel, la commission\u2026\n<!-- .oew-grid-details -->\n<ul>\n \t<li><a href=\"https:\/\/subamacon.com\/index.php\/category\/photo-video\/\" rel=\"category tag\">Commission audiovisuelle<\/a><\/li>\n<\/ul>\n<\/article>\t\t\t<!-- .oew-blog-grid -->[\/et_pb_text][\/et_pb_column][\/et_pb_row][\/et_pb_section]\n","protected":false},"excerpt":{"rendered":"<p><div class=\"et_pb_section et_pb_section_0 et_section_regular\" >\n\t\t\t\t\n\t\t\t\t\n\t\t\t\t\n\t\t\t\t\n\t\t\t\t\n\t\t\t\t\n\t\t\t\t\n\t\t\t\t\n\t\t\t\t\n\t\t\t<\/div><div class=\"et_pb_row et_pb_row_0 et_pb_row_empty\">\n\t\t\t\t\n\t\t\t\t\n\t\t\t\t\n\t\t\t\t\n\t\t\t\t\n\t\t\t<\/div><div class=\"et_pb_module et_pb_text et_pb_text_0  et_pb_text_align_left et_pb_bg_layout_light\">\n\t\t\t\t\n\t\t\t\t\n\t\t\t\t\n\t\t\t\t\n\t\t\t\t\n\t\t\t<\/div>Challenge de nage https:\/\/youtu.be\/lBnCR9tTFJ8 Stage photo \/ vid\u00e9o Ile d&rsquo;Elbe https:\/\/www.youtube.com\/watch?v=2R-k8sW8Sz4&amp;t=35s Promenade \u00e0 Bali https:\/\/www.youtube.com\/watch?v=ofHeGWpkCK8 En savoir plus Audiovisuel &#8211; saison 2020 Photo &amp; vid\u00e9o sub La commission photo vid\u00e9o [&hellip;]<\/p>\n","protected":false},"author":1,"featured_media":0,"parent":0,"menu_order":0,"comment_status":"closed","ping_status":"closed","template":"","meta":{"_et_pb_use_builder":"on","_et_pb_old_content":"<h2>Challenge de nage<\/h2>\nhttps:\/\/youtu.be\/lBnCR9tTFJ8\n<h2>Stage photo \/ vid\u00e9o Ile d'Elbe<\/h2>\nhttps:\/\/www.youtube.com\/watch?v=2R-k8sW8Sz4&amp;t=35s\n<h2>Promenade \u00e0 Bali<\/h2>\nhttps:\/\/www.youtube.com\/watch?v=ofHeGWpkCK8\n\n<article id=\"post-1954\">\n\t\t\t\t\t\t\t\t\t\t\t<a href=\"https:\/\/subamacon.com\/index.php\/2019\/12\/10\/audiovisuel-saison-2020\/\" title=\"Audiovisuel \u2013 saison 2020\">\n<img width=\"300\" height=\"200\" src=\"https:\/\/subamacon.com\/wp-content\/uploads\/2019\/11\/Vallee-5-300x200.jpg\" alt=\"Audiovisuel \u2013 saison 2020\" itemprop=\"image\" srcset=\"https:\/\/subamacon.com\/wp-content\/uploads\/2019\/11\/Vallee-5-300x200.jpg 300w, https:\/\/subamacon.com\/wp-content\/uploads\/2019\/11\/Vallee-5-768x512.jpg 768w, https:\/\/subamacon.com\/wp-content\/uploads\/2019\/11\/Vallee-5-1030x687.jpg 1030w, https:\/\/subamacon.com\/wp-content\/uploads\/2019\/11\/Vallee-5.jpg 1200w\" sizes=\"(max-width: 300px) 100vw, 300px\">\nEn savoir plus\n<\/a>\n<a href=\"https:\/\/subamacon.com\/index.php\/author\/admin3045\/\" title=\"Visitez la page de l\u2019auteur\" rel=\"author\">\n<img alt=\"\" src=\"https:\/\/secure.gravatar.com\/avatar\/a5685f6b984ef095ee8a0aa1441ab316?s=100&amp;d=mm&amp;r=g\" srcset=\"https:\/\/secure.gravatar.com\/avatar\/a5685f6b984ef095ee8a0aa1441ab316?s=200&amp;d=mm&amp;r=g 2x\" class=\"avatar avatar-100 photo\" height=\"100\" width=\"100\">\t\t\t\t\t\t\t\t\t\t\t\t<\/a>\n<!-- .oew-grid-media -->\n<h2>\n\t\t\t\t\t\t\t\t\t\t\t\t\t<a href=\"https:\/\/subamacon.com\/index.php\/2019\/12\/10\/audiovisuel-saison-2020\/\" title=\"Audiovisuel \u2013 saison 2020\">Audiovisuel - saison 2020<\/a><\/h2>\nPhoto &amp; vid\u00e9o sub La commission photo vid\u00e9o est ouverte \u00e0 tous les plongeurs stabilis\u00e9s\u2026\n<!-- .oew-grid-details -->\n<ul>\n \t<li><a href=\"https:\/\/subamacon.com\/index.php\/category\/photo-video\/\" rel=\"category tag\">Commission audiovisuelle<\/a><\/li>\n<\/ul>\n<\/article>\n<article id=\"post-1930\">\n\t\t\t\t\t\t\t\t\t\t\t<a href=\"https:\/\/subamacon.com\/index.php\/2019\/12\/08\/challenge-de-nage-septembre-2019\/\" title=\"Challenge de nage, septembre 2019\">\n<img width=\"272\" height=\"300\" src=\"https:\/\/subamacon.com\/wp-content\/uploads\/2019\/12\/affiche-finale-272x300.jpg\" alt=\"Challenge de nage, septembre 2019\" itemprop=\"image\" srcset=\"https:\/\/subamacon.com\/wp-content\/uploads\/2019\/12\/affiche-finale-272x300.jpg 272w, https:\/\/subamacon.com\/wp-content\/uploads\/2019\/12\/affiche-finale-933x1030.jpg 933w, https:\/\/subamacon.com\/wp-content\/uploads\/2019\/12\/affiche-finale-768x848.jpg 768w, https:\/\/subamacon.com\/wp-content\/uploads\/2019\/12\/affiche-finale-1391x1536.jpg 1391w, https:\/\/subamacon.com\/wp-content\/uploads\/2019\/12\/affiche-finale-1854x2048.jpg 1854w\" sizes=\"(max-width: 272px) 100vw, 272px\">\nEn savoir plus\n<\/a>\n<a href=\"https:\/\/subamacon.com\/index.php\/author\/admin3045\/\" title=\"Visitez la page de l\u2019auteur\" rel=\"author\">\n<img alt=\"\" src=\"https:\/\/secure.gravatar.com\/avatar\/a5685f6b984ef095ee8a0aa1441ab316?s=100&amp;d=mm&amp;r=g\" srcset=\"https:\/\/secure.gravatar.com\/avatar\/a5685f6b984ef095ee8a0aa1441ab316?s=200&amp;d=mm&amp;r=g 2x\" class=\"avatar avatar-100 photo\" height=\"100\" width=\"100\">\t\t\t\t\t\t\t\t\t\t\t\t<\/a>\n<!-- .oew-grid-media -->\n<h2>\n\t\t\t\t\t\t\t\t\t\t\t\t\t<a href=\"https:\/\/subamacon.com\/index.php\/2019\/12\/08\/challenge-de-nage-septembre-2019\/\" title=\"Challenge de nage, septembre 2019\">Challenge de nage, septembre 2019<\/a><\/h2>\nRetour en images sur le challenge de nage organis\u00e9 par le CSM le samedi 14\u2026\n<!-- .oew-grid-details -->\n<ul>\n \t<li><a href=\"https:\/\/subamacon.com\/index.php\/2019\/12\/08\/challenge-de-nage-septembre-2019\/#respond\">0 commentaire<\/a><\/li>\n \t<li><a href=\"https:\/\/subamacon.com\/index.php\/category\/photo-video\/\" rel=\"category tag\">Commission audiovisuelle<\/a><\/li>\n<\/ul>\n<\/article>\n<article id=\"post-1625\">\n\t\t\t\t\t\t\t\t\t\t\t<a href=\"https:\/\/subamacon.com\/index.php\/2019\/11\/03\/ete-2019-bapteme-photo-en-piscine\/\" title=\"Et\u00e9 2019 : Bapt\u00eame Photo en piscine\">\n<img width=\"300\" height=\"225\" src=\"https:\/\/subamacon.com\/wp-content\/uploads\/2019\/11\/P8210024-300x225.jpg\" alt=\"Et\u00e9 2019 : Bapt\u00eame Photo en piscine\" itemprop=\"image\" srcset=\"https:\/\/subamacon.com\/wp-content\/uploads\/2019\/11\/P8210024-300x225.jpg 300w, https:\/\/subamacon.com\/wp-content\/uploads\/2019\/11\/P8210024-768x576.jpg 768w, https:\/\/subamacon.com\/wp-content\/uploads\/2019\/11\/P8210024-1030x773.jpg 1030w, https:\/\/subamacon.com\/wp-content\/uploads\/2019\/11\/P8210024.jpg 1200w\" sizes=\"(max-width: 300px) 100vw, 300px\">\nEn savoir plus\n<\/a>\n<a href=\"https:\/\/subamacon.com\/index.php\/author\/com7101\/\" title=\"Visitez la page de l\u2019auteur\" rel=\"author\">\n<img alt=\"\" src=\"https:\/\/secure.gravatar.com\/avatar\/25849fa29581f8207a944ac8b9d09616?s=100&amp;d=mm&amp;r=g\" srcset=\"https:\/\/secure.gravatar.com\/avatar\/25849fa29581f8207a944ac8b9d09616?s=200&amp;d=mm&amp;r=g 2x\" class=\"avatar avatar-100 photo\" height=\"100\" width=\"100\">\t\t\t\t\t\t\t\t\t\t\t\t<\/a>\n<!-- .oew-grid-media -->\n<h2>\n\t\t\t\t\t\t\t\t\t\t\t\t\t<a href=\"https:\/\/subamacon.com\/index.php\/2019\/11\/03\/ete-2019-bapteme-photo-en-piscine\/\" title=\"Et\u00e9 2019 : Bapt\u00eame Photo en piscine\">Et\u00e9 2019 : Bapt\u00eame Photo en piscine<\/a><\/h2>\nS\u00e9rie de photos r\u00e9alis\u00e9es lors des Bapt\u00eame Photo en piscine cet \u00e9t\u00e9 2019\n<!-- .oew-grid-details -->\n<ul>\n \t<li><a href=\"https:\/\/subamacon.com\/index.php\/category\/photo-video\/\" rel=\"category tag\">Commission audiovisuelle<\/a><\/li>\n<\/ul>\n<\/article>\n<article id=\"post-1172\">\n\t\t\t\t\t\t\t\t\t\t\t<a href=\"https:\/\/subamacon.com\/index.php\/2019\/09\/01\/avant-premiere-calendrier-2020\/\" title=\"Avant premi\u00e8re calendrier 2020\">\n<img width=\"300\" height=\"126\" src=\"https:\/\/subamacon.com\/wp-content\/uploads\/2019\/09\/janvier800-300x126.jpg\" alt=\"Avant premi\u00e8re calendrier 2020\" itemprop=\"image\" srcset=\"https:\/\/subamacon.com\/wp-content\/uploads\/2019\/09\/janvier800-300x126.jpg 300w, https:\/\/subamacon.com\/wp-content\/uploads\/2019\/09\/janvier800-768x323.jpg 768w, https:\/\/subamacon.com\/wp-content\/uploads\/2019\/09\/janvier800.jpg 800w\" sizes=\"(max-width: 300px) 100vw, 300px\">\nEn savoir plus\n<\/a>\n<a href=\"https:\/\/subamacon.com\/index.php\/author\/admin3045\/\" title=\"Visitez la page de l\u2019auteur\" rel=\"author\">\n<img alt=\"\" src=\"https:\/\/secure.gravatar.com\/avatar\/a5685f6b984ef095ee8a0aa1441ab316?s=100&amp;d=mm&amp;r=g\" srcset=\"https:\/\/secure.gravatar.com\/avatar\/a5685f6b984ef095ee8a0aa1441ab316?s=200&amp;d=mm&amp;r=g 2x\" class=\"avatar avatar-100 photo\" height=\"100\" width=\"100\">\t\t\t\t\t\t\t\t\t\t\t\t<\/a>\n<!-- .oew-grid-media -->\n<h2>\n\t\t\t\t\t\t\t\t\t\t\t\t\t<a href=\"https:\/\/subamacon.com\/index.php\/2019\/09\/01\/avant-premiere-calendrier-2020\/\" title=\"Avant premi\u00e8re calendrier 2020\">Avant premi\u00e8re calendrier 2020<\/a><\/h2>\n&nbsp;En avant premi\u00e8re, les premi\u00e8res photos s\u00e9lectionn\u00e9es pour le calendrier 2020 Pour rappel, la commission\u2026\n<!-- .oew-grid-details -->\n<ul>\n \t<li><a href=\"https:\/\/subamacon.com\/index.php\/category\/photo-video\/\" rel=\"category tag\">Commission audiovisuelle<\/a><\/li>\n<\/ul>\n<\/article>\t\t\t<!-- .oew-blog-grid -->","_et_gb_content_width":"","footnotes":""},"class_list":["post-1261","page","type-page","status-publish","hentry"],"_links":{"self":[{"href":"https:\/\/subamacon.com\/index.php\/wp-json\/wp\/v2\/pages\/1261","targetHints":{"allow":["GET"]}}],"collection":[{"href":"https:\/\/subamacon.com\/index.php\/wp-json\/wp\/v2\/pages"}],"about":[{"href":"https:\/\/subamacon.com\/index.php\/wp-json\/wp\/v2\/types\/page"}],"author":[{"embeddable":true,"href":"https:\/\/subamacon.com\/index.php\/wp-json\/wp\/v2\/users\/1"}],"replies":[{"embeddable":true,"href":"https:\/\/subamacon.com\/index.php\/wp-json\/wp\/v2\/comments?post=1261"}],"version-history":[{"count":13,"href":"https:\/\/subamacon.com\/index.php\/wp-json\/wp\/v2\/pages\/1261\/revisions"}],"predecessor-version":[{"id":5043,"href":"https:\/\/subamacon.com\/index.php\/wp-json\/wp\/v2\/pages\/1261\/revisions\/5043"}],"wp:attachment":[{"href":"https:\/\/subamacon.com\/index.php\/wp-json\/wp\/v2\/media?parent=1261"}],"curies":[{"name":"wp","href":"https:\/\/api.w.org\/{rel}","templated":true}]}}